{"id":294,"date":"2022-02-25T14:59:49","date_gmt":"2022-02-25T14:59:49","guid":{"rendered":"https:\/\/thomas.endformat.com\/?page_id=305"},"modified":"2022-12-14T13:51:51","modified_gmt":"2022-12-14T13:51:51","slug":"kontakt","status":"publish","type":"page","link":"https:\/\/contemporaries-nuernberg.de\/?page_id=294","title":{"rendered":"Impressum &#038; Kontakt"},"content":{"rendered":"<div class=\"bm-builder clearfix \"><div id=\"\" class=\"module col-12 module-id-1655191647844\" data-module-col=\"12\"><div class=\"module-inside single-image-inside\" style=\"--top-mod: 40px;--bottom-mod: 0px;--top-mod-m:20px;--bottom-mod-m:0px;\" ><div class=\"single-image-out  \" ><figure class=\"single-image   single-image-full  \" ><div class=\"ux-hover-wrap anima-wrap\" style=\"padding-top: 30.217391304348%;\"><span class=\"ux-hover-wrap-a\"><img fetchpriority=\"high\" decoding=\"async\" alt=\"IMG_2669_2c\" class=\"single-image-img img1st lazy \" src=\"data:image\/gif;base64,R0lGODlhAQABAIAAAAAAAP\/\/\/yH5BAEAAAAALAAAAAABAAEAAAIBRAA7\" data-src=\"https:\/\/contemporaries-nuernberg.de\/wp-content\/uploads\/2024\/06\/IMG_2669_2c.jpg\" data-srcset=\"https:\/\/contemporaries-nuernberg.de\/wp-content\/uploads\/2024\/06\/IMG_2669_2c.jpg 2300w, https:\/\/contemporaries-nuernberg.de\/wp-content\/uploads\/2024\/06\/IMG_2669_2c-300x91.jpg 300w, https:\/\/contemporaries-nuernberg.de\/wp-content\/uploads\/2024\/06\/IMG_2669_2c-1024x309.jpg 1024w, https:\/\/contemporaries-nuernberg.de\/wp-content\/uploads\/2024\/06\/IMG_2669_2c-768x232.jpg 768w, https:\/\/contemporaries-nuernberg.de\/wp-content\/uploads\/2024\/06\/IMG_2669_2c-1536x464.jpg 1536w, https:\/\/contemporaries-nuernberg.de\/wp-content\/uploads\/2024\/06\/IMG_2669_2c-2048x619.jpg 2048w, https:\/\/contemporaries-nuernberg.de\/wp-content\/uploads\/2024\/06\/IMG_2669_2c-350x106.jpg 350w, https:\/\/contemporaries-nuernberg.de\/wp-content\/uploads\/2024\/06\/IMG_2669_2c-650x196.jpg 650w, https:\/\/contemporaries-nuernberg.de\/wp-content\/uploads\/2024\/06\/IMG_2669_2c-1000x302.jpg 1000w, https:\/\/contemporaries-nuernberg.de\/wp-content\/uploads\/2024\/06\/IMG_2669_2c-2000x604.jpg 2000w, https:\/\/contemporaries-nuernberg.de\/wp-content\/uploads\/2024\/06\/IMG_2669_2c-600x181.jpg 600w\" data-sizes=\"(max-width: 480px) 320px,(max-width: 767px) 500px,(max-width: 2300px) 100vw, 2300px\" width=\"2300\" height=\"695\" \/><\/span><\/div><\/figure><\/div><\/div><\/div><div id=\"\" class=\"module col-12 module-id-1645801224174\" data-module-col=\"12\"><div class=\"module-inside text-inside\" style=\"--top-mod: 60px;--bottom-mod: 40px;--top-mod-m:30px;--bottom-mod-m:30px;\" ><div class=\"text_block_out\"  data-effect=\"standard\" style=\"\"><div class=\"text_block ux-mod-nobg\"><div class=\"text_block_inn\"><div id=\"text-1645801224174\" class=\"text_block_centered text_block_centered_enable_width\"  style=\"\"><h2 style=\"text-align: center;\"><span class=\"sea-font-m-40px\" style=\"color: #000000;\">IMPRESSUM &amp; KONTAKT<\/span><\/h2><\/div><\/div><\/div><\/div><\/div><\/div><div id=\"\" class=\"module col-4 module-id-1645801224750 bm-wrap row-top row-left bm-wrap-height-auto\" data-module-col=\"4\" data-change-color=\"off\" data-backcolor=\"transparent\" data-frontcolor=\"\" data-logocolor=\"\" data-goto-top=\"off\" data-goto-top-spacing=\"0\" data-goto-disable-m=\"off\" data-groupsameheight=\"off\"><div class=\"module-inside group-inside\" style=\"--top-mod: 80px;--bottom-mod: 120px;--top-mod-m:40px;--bottom-mod-m:20px;\" ><div id=\"\" class=\"module col-3 module-id-1645801225425\" data-module-col=\"3\"><div class=\"module-inside text-inside\" style=\"--top-mod: 0px;--bottom-mod: 80px;--top-mod-m:0px;--bottom-mod-m:20px;\" ><div class=\"text_block_out\"  data-effect=\"standard\" style=\"\"><div class=\"text_block ux-mod-nobg\"><div class=\"text_block_inn\"><div id=\"text-1645801225425\" class=\"text_block_centered text_block_centered_enable_width\"  style=\"\"><h5><strong><span class=\"sea-font-m-20px\" style=\"font-size: 20px;\">Impressum<\/span><\/strong><\/h5><\/div><\/div><\/div><\/div><\/div><\/div><div id=\"\" class=\"module col-4 module-id-1653293283233\" data-module-col=\"4\"><div class=\"module-inside text-inside\" style=\"--top-mod: 0px;--bottom-mod: 0px;--top-mod-m:0px;--bottom-mod-m:0px;\" ><div class=\"text_block_out\"  data-effect=\"standard\" style=\"\"><div class=\"text_block ux-mod-nobg\"><div class=\"text_block_inn\"><div id=\"text-1653293283233\" class=\"text_block_centered text_block_centered_enable_width\"  style=\"\"><p>Angaben gem\u00e4\u00df \u00a7 5 TMG<\/p>\n<p>&nbsp;<\/p>\n<h6><span data-msize=\"20px\"><strong>Haftungsausschluss<\/strong><\/span><\/h6>\n<p>Haftung f\u00fcr Inhalte<\/p>\n<p>Die Inhalte unserer Seiten wurden mit gr\u00f6\u00dfter Sorgfalt erstellt. F\u00fcr die Richtigkeit, Vollst\u00e4ndigkeit und Aktualit\u00e4t der Inhalte k\u00f6nnen wir jedoch keine Gew\u00e4hr \u00fcbernehmen. Als Diensteanbieter sind wir gem\u00e4\u00df \u00a7 7 Abs.1 TMG f\u00fcr eigene Inhalte auf diesen Seiten nach den allgemeinen Gesetzen verantwortlich. Nach \u00a7\u00a7 8 bis 10 TMG sind wir als Diensteanbieter jedoch nicht verpflichtet, \u00fcbermittelte oder gespeicherte fremde Informationen zu \u00fcberwachen oder nach Umst\u00e4nden zu forschen, die auf eine rechtswidrige T\u00e4tigkeit hinweisen. Verpflichtungen zur Entfernung oder Sperrung der Nutzung von Informationen nach den allgemeinen Gesetzen bleiben hiervon unber\u00fchrt. Eine diesbez\u00fcgliche Haftung ist jedoch erst ab dem Zeitpunkt der Kenntnis einer konkreten Rechtsverletzung m\u00f6glich. Bei Bekanntwerden von entsprechenden Rechtsverletzungen werden wir diese Inhalte umgehend entfernen.<\/p>\n<p>Haftung f\u00fcr Links<\/p>\n<p>Unser Angebot enth\u00e4lt Links zu externen Webseiten Dritter, auf deren Inhalte wir keinen Einfluss haben. Deshalb k\u00f6nnen wir f\u00fcr diese fremden Inhalte auch keine Gew\u00e4hr \u00fcbernehmen. F\u00fcr die Inhalte der verlinkten Seiten ist stets der jeweilige Anbieter oder Betreiber der Seiten verantwortlich. Die verlinkten Seiten wurden zum Zeitpunkt der Verlinkung auf m\u00f6gliche Rechtsverst\u00f6\u00dfe \u00fcberpr\u00fcft. Rechtswidrige Inhalte waren zum Zeitpunkt der Verlinkung nicht erkennbar. Eine permanente inhaltliche Kontrolle der verlinkten Seiten ist jedoch ohne konkrete Anhaltspunkte einer Rechtsverletzung nicht zumutbar. Bei Bekanntwerden von Rechtsverletzungen werden wir derartige Links umgehend entfernen.<\/p>\n<p>Urheberrecht<\/p>\n<p>Die durch die Seitenbetreiber erstellten Inhalte und Werke auf diesen Seiten unterliegen dem deutschen Urheberrecht. Die Vervielf\u00e4ltigung, Bearbeitung, Verbreitung und jede Art der Verwertung au\u00dferhalb der Grenzen des Urheberrechtes bed\u00fcrfen der schriftlichen Zustimmung des jeweiligen Autors bzw. Erstellers. Downloads und Kopien dieser Seite sind nur f\u00fcr den privaten, nicht kommerziellen Gebrauch gestattet. Soweit die Inhalte auf dieser Seite nicht vom Betreiber erstellt wurden, werden die Urheberrechte Dritter beachtet. Insbesondere werden Inhalte Dritter als solche gekennzeichnet. Sollten Sie trotzdem auf eine Urheberrechtsverletzung aufmerksam werden, bitten wir um einen entsprechenden Hinweis. Bei Bekanntwerden von Rechtsverletzungen werden wir derartige Inhalte umgehend entfernen.<\/p><\/div><\/div><\/div><\/div><\/div><\/div><\/div><\/div><div id=\"\" class=\"module col-4 module-id-1645801227746 bm-wrap row-top row-left bm-wrap-height-auto\" data-module-col=\"4\" data-change-color=\"off\" data-backcolor=\"transparent\" data-frontcolor=\"\" data-logocolor=\"\" data-goto-top=\"off\" data-goto-top-spacing=\"0\" data-goto-disable-m=\"\" data-groupsameheight=\"off\"><div class=\"module-inside group-inside\" style=\"--top-mod: 80px;--bottom-mod: 120px;--top-mod-m:20px;--bottom-mod-m:20px;\" ><div id=\"\" class=\"module col-3 module-id-1645801228140\" data-module-col=\"3\"><div class=\"module-inside text-inside\" style=\"--top-mod: 0px;--bottom-mod: 60px;--top-mod-m:0px;--bottom-mod-m:20px;\" ><div class=\"text_block_out\"  data-effect=\"standard\" style=\"\"><div class=\"text_block ux-mod-nobg\"><div class=\"text_block_inn\"><div id=\"text-1645801228140\" class=\"text_block_centered text_block_centered_enable_width\"  style=\"\"><h5><strong><span class=\"sea-font-m-20px\" style=\"font-size: 20px;\">Kontakt<\/span><\/strong><\/h5><\/div><\/div><\/div><\/div><\/div><\/div><div id=\"\" class=\"module col-4 module-id-1653293230118\" data-module-col=\"4\"><div class=\"module-inside text-inside\" style=\"--top-mod: 0px;--bottom-mod: 0px;--top-mod-m:0px;--bottom-mod-m:0px;\" ><div class=\"text_block_out\"  data-effect=\"standard\" style=\"\"><div class=\"text_block ux-mod-nobg\"><div class=\"text_block_inn\"><div id=\"text-1653293230118\" class=\"text_block_centered text_block_centered_enable_width\"  style=\"\"><p>Contemporaries e.V.<br>vereint f\u00fcr die Kunsthalle N\u00fcrnberg<br><br>Stephanie Oschmann<br>info@contemporaries-nuernberg.de<br>www.contemporaries-nuernberg.de<br>c\/o Kunsthalle N\u00fcrnberg<br>Lorenzer Stra\u00dfe 32<br>D-90402 N\u00fcrnberg<br>Telefon 0911-231 2853<br>Telefax 0911-231 3721<\/p>\n<p>&nbsp;<\/p>\n<p>Verantwortlich f\u00fcr den Inhalt nach \u00a7 55 Abs. 2 RStV: Ralf Menikheim<\/p>\n<h5>&nbsp;<\/h5>\n<h6><strong>Spendenkonto<\/strong><\/h6>\n<p>Contemporaries e.V.<br>Sparkasse N\u00fcrnberg<br>BIC: SSKNDE77XXX<br>IBAN: DE83 7605 0101 0014 6941 37<\/p><\/div><\/div><\/div><\/div><\/div><\/div><div id=\"\" class=\"module col-3 module-id-1677661455883GQEg7\" data-module-col=\"3\"><div class=\"module-inside text-inside\" style=\"--top-mod: 40px;--bottom-mod: 40px;--top-mod-m:20px;--bottom-mod-m:10px;\" ><div class=\"text_block_out\"  data-effect=\"standard\" style=\"\"><div class=\"text_block ux-mod-nobg\"><div class=\"text_block_inn\"><div id=\"text-1677661455883GQEg7\" class=\"text_block_centered text_block_centered_enable_width\"  style=\"\"><h5><strong><span class=\"sea-font-m-20px\" style=\"font-size: 20px;\">Fotografie<\/span><\/strong><\/h5><\/div><\/div><\/div><\/div><\/div><\/div><div id=\"\" class=\"module col-4 module-id-1677662263878fuies\" data-module-col=\"4\"><div class=\"module-inside text-inside\" style=\"--top-mod: 0px;--bottom-mod: 0px;--top-mod-m:0px;--bottom-mod-m:0px;\" ><div class=\"text_block_out\"  data-effect=\"standard\" style=\"\"><div class=\"text_block ux-mod-nobg\"><div class=\"text_block_inn\"><div id=\"text-1677662263878fuies\" class=\"text_block_centered text_block_centered_enable_width\"  style=\"\"><p>F\u00fcr die Rundumfilme der R\u00e4ume und der Kunsthalle verwendeten Fotoaufnahmen stammen<\/p>\n<ol>\n<li>von KH Probst<\/li>\n<li>von Annette Kradisch<\/li>\n<li>von Steffen Kirschner<\/li>\n<li>von&nbsp; Marcel Odenbach-\u00a9-Uwe Niklas<\/li>\n<li>von Senem Bozbey-@artngraphy<\/li>\n<\/ol>\n<p>&nbsp;<\/p>\n<p>Das Urheberrecht (Copyright \u00a9) liegt gem\u00e4\u00df den gesetzlichen Bestimmungen bei den Fotografen, die \u00fcber den Gestalter des Netzauftritts (contemporaries-nuernberg) zu erreichen sind.<\/p><\/div><\/div><\/div><\/div><\/div><\/div><\/div><\/div><div id=\"\" class=\"module col-4 module-id-1645801229490 bm-wrap row-top row-left bm-wrap-height-auto\" data-module-col=\"4\" data-change-color=\"off\" data-backcolor=\"transparent\" data-frontcolor=\"\" data-logocolor=\"\" data-goto-top=\"off\" data-goto-top-spacing=\"0\" data-goto-disable-m=\"\" data-groupsameheight=\"off\"><div class=\"module-inside group-inside\" style=\"--top-mod: 60px;--bottom-mod: 120px;--top-mod-m:30px;--bottom-mod-m:60px;\" ><div id=\"\" class=\"module col-4 module-id-1645801229791\" data-module-col=\"4\"><div class=\"module-inside text-inside\" style=\"--top-mod: 0px;--bottom-mod: 60px;--top-mod-m:0px;--bottom-mod-m:20px;\" ><div class=\"text_block_out\"  data-effect=\"standard\" style=\"\"><div class=\"text_block ux-mod-nobg\"><div class=\"text_block_inn\"><div id=\"text-1645801229791\" class=\"text_block_centered text_block_centered_enable_width\"  style=\"\"><h5><strong>\u00dcber uns<\/strong><\/h5>\n<p>&nbsp;<\/p>\n<p>&nbsp;<\/p>\n<p>CONTEMPORARIES e.V. wurden im September 1996 gegr\u00fcndet. Unter dem Motto&nbsp;<em>vereint f\u00fcr die Kunsthalle N\u00fcrnberg<\/em>&nbsp;haben wir f\u00fcr den Erhalt dieser Institution gek\u00e4mpft und durch viele gr\u00f6\u00dfere und kleinere Initiativen die Arbeit des Hauses unterst\u00fctzt.<br><br>Die 1967 gegr\u00fcndete&nbsp;<a href=\"http:\/\/www.kunstkulturquartier.de\/kunsthalle\/ausstellungen\/aktuell\/\" target=\"_blank\" rel=\"noopener\">Kunsthalle N\u00fcrnberg<\/a>&nbsp;hat den Auftrag, deutsche und internationale Gegenwartskunst durch Ausstellungen, begleitende Kataloge und Veranstaltungen in N\u00fcrnberg vorzustellen. Die Kunsthalle N\u00fcrnberg bereichert das kulturelle Leben der Stadt und der Region durch ein vielf\u00e4ltiges internationales Programm, das herausragende k\u00fcnstlerische Einzelpositionen, Gruppenausstellungen zu aktuellen Themen sowie stilbildende Kunstentwicklungen seit den 1960er Jahren umfasst, und das Profil der st\u00e4dtischen Einrichtung bildet.<br><br>Diesen Auftrag der Kunsthalle N\u00fcrnberg unterst\u00fctzen CONTEMPORARIES e.V. mit gro\u00dfer Begeisterung.<br><br>Die Realisierung vieler anspruchsvoller Projekte h\u00e4ngt heute mehr denn je von Menschen ab, die diese Arbeit aktiv \u2013 ideell und finanziell \u2013 unterst\u00fctzen. Mit unseren Beitr\u00e4gen f\u00f6rdern wir die aktuellen Ausstellungen, Kataloge und Veranstaltungen der Kunsthalle N\u00fcrnberg. Wir finanzieren Honorare f\u00fcr neue Kunstproduktionen, Performances oder Vortr\u00e4ge, haben aber auch schon Klappst\u00fchle und Sitzb\u00e4nke f\u00fcr Besucher, Leuchtk\u00e4sten f\u00fcr die Au\u00dfenwerbung und das Mobiliar im Foyer der Kunsthalle N\u00fcrnberg gestiftet.<\/p>\n<h5>&nbsp;<\/h5>\n<h6><strong>Vorstand<\/strong><\/h6>\n<p><span style=\"color: #808080;\">Stephanie Oschmann (Vorsitzende)<\/span><\/p>\n<p><span style=\"color: #808080;\">Frederik N\u00f6th (zweiter Vorsitzender)<\/span><br><span style=\"color: #808080;\">Ursula Volkert (Schatzmeisterin)<\/span><\/p>\n<p><span style=\"color: #808080;\">Peter Eckersberger<\/span><br><span style=\"color: #808080;\">Martin Drechsler<\/span><br><span style=\"color: #808080;\">Ralf Menikheim<\/span><\/p>\n<p><span style=\"color: #808080;\">Dr. Harriet Zilch<\/span><\/p><\/div><\/div><\/div><\/div><\/div><\/div><\/div><\/div><\/div>","protected":false},"excerpt":{"rendered":"<p>IMPRESSUM &amp; KONTAKTImpressumAngaben gem\u00e4\u00df \u00a7 5 TMG &nbsp; Haftungsausschluss Haftung &hellip;<\/p>\n","protected":false},"author":1,"featured_media":0,"parent":0,"menu_order":0,"comment_status":"closed","ping_status":"closed","template":"","meta":{"inline_featured_image":false,"footnotes":""},"class_list":["post-294","page","type-page","status-publish","hentry"],"_links":{"self":[{"href":"https:\/\/contemporaries-nuernberg.de\/index.php?rest_route=\/wp\/v2\/pages\/294","targetHints":{"allow":["GET"]}}],"collection":[{"href":"https:\/\/contemporaries-nuernberg.de\/index.php?rest_route=\/wp\/v2\/pages"}],"about":[{"href":"https:\/\/contemporaries-nuernberg.de\/index.php?rest_route=\/wp\/v2\/types\/page"}],"author":[{"embeddable":true,"href":"https:\/\/contemporaries-nuernberg.de\/index.php?rest_route=\/wp\/v2\/users\/1"}],"replies":[{"embeddable":true,"href":"https:\/\/contemporaries-nuernberg.de\/index.php?rest_route=%2Fwp%2Fv2%2Fcomments&post=294"}],"version-history":[{"count":2,"href":"https:\/\/contemporaries-nuernberg.de\/index.php?rest_route=\/wp\/v2\/pages\/294\/revisions"}],"predecessor-version":[{"id":385,"href":"https:\/\/contemporaries-nuernberg.de\/index.php?rest_route=\/wp\/v2\/pages\/294\/revisions\/385"}],"wp:attachment":[{"href":"https:\/\/contemporaries-nuernberg.de\/index.php?rest_route=%2Fwp%2Fv2%2Fmedia&parent=294"}],"curies":[{"name":"wp","href":"https:\/\/api.w.org\/{rel}","templated":true}]}}